{"id":1389,"date":"2013-09-02T15:01:47","date_gmt":"2013-09-02T20:01:47","guid":{"rendered":"http:\/\/memoire.mile-end.qc.ca\/?page_id=1389&#038;lang=fr"},"modified":"2015-12-23T21:46:04","modified_gmt":"2015-12-23T21:46:04","slug":"credits","status":"publish","type":"page","link":"http:\/\/memoire.mile-end.qc.ca\/fr\/credits\/","title":{"rendered":"Cr\u00e9dits"},"content":{"rendered":"<p><\/p>\n<p style=\"text-align: center;\">Pour leur soutien \u00e0 la r\u00e9alisation de ce site web en 2013, M\u00e9moire du Mile End remercie<\/p>\n<p style=\"text-align: center;\"><a href=\"\/wp-content\/uploads\/logoquebec.png\"><img loading=\"lazy\" class=\"alignnone size-full wp-image-2178\" src=\"\/wp-content\/uploads\/logoquebec.png\" alt=\"logoquebec\" width=\"198\" height=\"68\" \/><\/a><\/p>\n<p style=\"text-align: center;\"><strong>Gouvernement du Qu\u00e9bec<\/strong><br \/>\nMinistre de la Culture<br \/>\nMinistre responsable de la R\u00e9gion de Montr\u00e9al<br \/>\nMinistre de l\u2019\u00c9ducation<br \/>\nMinistre de la Participation citoyenne<br \/>\nMinistre de la Solidarit\u00e9 sociale<br \/>\nMinistre de la Famille<br \/>\nBureau de la Premi\u00e8re ministre<\/p>\n<p style=\"text-align: center;\">Amir Khadir, d\u00e9put\u00e9 de Mercier<\/p>\n<hr \/>\n<p style=\"text-align: center;\"><a href=\"\/wp-content\/uploads\/logoplateau.png\"><img loading=\"lazy\" class=\"alignnone size-full wp-image-2179\" src=\"\/wp-content\/uploads\/logoplateau.png\" alt=\"logoplateau\" width=\"198\" height=\"62\" \/><\/a><\/p>\n<p style=\"text-align: center;\"><strong>Ville de Montr\u00e9al<\/strong><br \/>\nArrondissement du Plateau Mont-Royal<\/p>\n<hr \/>\n<p style=\"text-align: center;\">Design par le <strong><a href=\"http:\/\/www.koumbit.org\">R\u00e9seau Koumbit<\/a><\/strong>\u00a0\u2013 <a href=\"http:\/\/zaa.cc\/\">Myriam-Zaa Normandin<\/a><\/p>\n<p style=\"text-align: center;\">Th\u00e8me WordPress: <strong>Customizr<\/strong> par <a href=\"http:\/\/presscustomizr.com\/\">Press Customizr<\/a><\/p>\n<p><\/p>","protected":false},"excerpt":{"rendered":"<p>Pour leur soutien \u00e0 la r\u00e9alisation de ce site web en 2013, M\u00e9moire du Mile End remercie Gouvernement du Qu\u00e9bec Ministre de la Culture Ministre responsable de la R\u00e9gion de Montr\u00e9al Ministre de l\u2019\u00c9ducation Ministre de la Participation citoyenne Ministre de la Solidarit\u00e9 sociale Ministre de la Famille Bureau de la Premi\u00e8re ministre Amir Khadir, [&hellip;]<\/p>\n","protected":false},"author":3,"featured_media":0,"parent":0,"menu_order":0,"comment_status":"closed","ping_status":"closed","template":"","meta":[],"_links":{"self":[{"href":"http:\/\/memoire.mile-end.qc.ca\/fr\/wp-json\/wp\/v2\/pages\/1389"}],"collection":[{"href":"http:\/\/memoire.mile-end.qc.ca\/fr\/wp-json\/wp\/v2\/pages"}],"about":[{"href":"http:\/\/memoire.mile-end.qc.ca\/fr\/wp-json\/wp\/v2\/types\/page"}],"author":[{"embeddable":true,"href":"http:\/\/memoire.mile-end.qc.ca\/fr\/wp-json\/wp\/v2\/users\/3"}],"replies":[{"embeddable":true,"href":"http:\/\/memoire.mile-end.qc.ca\/fr\/wp-json\/wp\/v2\/comments?post=1389"}],"version-history":[{"count":17,"href":"http:\/\/memoire.mile-end.qc.ca\/fr\/wp-json\/wp\/v2\/pages\/1389\/revisions"}],"predecessor-version":[{"id":3371,"href":"http:\/\/memoire.mile-end.qc.ca\/fr\/wp-json\/wp\/v2\/pages\/1389\/revisions\/3371"}],"wp:attachment":[{"href":"http:\/\/memoire.mile-end.qc.ca\/fr\/wp-json\/wp\/v2\/media?parent=1389"}],"curies":[{"name":"wp","href":"https:\/\/api.w.org\/{rel}","templated":true}]}}