{"id":3327,"date":"2015-06-14T10:06:35","date_gmt":"2015-06-14T14:06:35","guid":{"rendered":"http:\/\/memoire.mile-end.qc.ca\/?page_id=3327&#038;lang=fr"},"modified":"2022-01-30T16:47:43","modified_gmt":"2022-01-30T21:47:43","slug":"calendrier-2015","status":"publish","type":"page","link":"http:\/\/memoire.mile-end.qc.ca\/fr\/calendrier-2\/calendrier-2015\/","title":{"rendered":"Calendrier 2015"},"content":{"rendered":"<p><\/p>\n<h2>Activit\u00e9s organis\u00e9es en 2015<\/h2>\n<p>Sauf indication contraire, les visites \u00e0 pied sont offertes \u00e0 la base d&#8217;une contribution volontaire (suggestion : 10\u00a0$) et il n&#8217;est pas n\u00e9cessaire de s&#8217;inscrire \u00e0 l&#8217;avance. Les conf\u00e9rences et discussions sont gratuites.<\/p>\n<ul>\n<li>S\u00e9rie d&#8217;automne de conf\u00e9rences \u00e0 la <a href=\"http:\/\/ville.montreal.qc.ca\/plateau\/bibliothequedumileend\">Biblioth\u00e8que Mordecai-Richler, quartier Mile End<\/a>\n<ul>\n<li>dimanche 6 d\u00e9cembre, 14 h, <em><a href=\"http:\/\/memoire.mile-end.qc.ca\/conference-la-famille-beaubien-outremont-et-le-mile-end\/\">La famille Beaubien, Outremont et le Mile End<\/a><\/em>, par Yves Desjardins<\/li>\n<li>dimanche 8 novembre, 14 h, <em><a href=\"http:\/\/memoire.mile-end.qc.ca\/conference-les-fouilles-archeologiques-sur-le-mont-royal\/\">Les fouilles arch\u00e9ologiques sur le mont Royal<\/a><\/em>, par Christian Gates St-Pierre<\/li>\n<li>dimanche 11 octobre, 14 h, table ronde: <em><a href=\"http:\/\/memoire.mile-end.qc.ca\/table-ronde-linsertion-darchitecture-contemporaine-dans-un-contexte-patrimonial\/\">L&#8217;insertion d&#8217;architecture contemporaine dans un\u00a0contexte patrimonial<\/a><\/em><\/li>\n<li>dimanche 20 septembre, 14 h, <em><a href=\"http:\/\/memoire.mile-end.qc.ca\/conference-le-flanc-est-du-mont-royal\/\">Le flanc est du mont Royal\u00a0:villas, parc et urbanisation<\/a><\/em>, par Justin Bur<\/li>\n<\/ul>\n<\/li>\n<li>dimanche 27 septembre, dans le cadre de la <a href=\"http:\/\/journeedesbonsvoisins.ca\/\">Journ\u00e9e des bons voisins<\/a>\u00a0:<br \/>\nJeu-devinette et visite \u00e0 pied sur le th\u00e8me des <em><a href=\"http:\/\/memoire.mile-end.qc.ca\/visite-a-pied-maisons-du-mile-end\/\">maisons du Mile End<\/a><\/em>. Jeu d\u00e8s 14 h, visite \u00e0 16 h.<\/li>\n<li>samedi 25 juillet (en fran\u00e7ais) et dimanche 26 juillet (en anglais), visite \u00e0 pied :\u00a0<em>Jardins \u00e9tonnants du Mile End<\/em><\/li>\n<li>Au <a href=\"http:\/\/popmontreal.com\/fr\/segment\/mdp\/\">March\u00e9 des Possibles<\/a> (rue Saint-Dominique au sud de Bernard) : <a href=\"http:\/\/memoire.mile-end.qc.ca\/lhistoire-au-marche-des-possibles-edition-2015\/\">L&#8217;histoire au March\u00e9<\/a>\n<ul>\n<li>dimanche 9 ao\u00fbt, 14 h, visite \u00e0 pied\u00a0\u2013 <em>\u00c0 la recherche du Mile End oubli\u00e9<\/em><\/li>\n<li>dimanche 2 ao\u00fbt, 17 h,\u00a0discussion\u00a0\u2013\u00a0<em>Posez vos questions sur le Mile End<\/em><\/li>\n<li>dimanche 2 ao\u00fbt, 14 h, visite \u00e0 pied \u2013 <em>L&#8217;esprit du Mile End<\/em><\/li>\n<li>dimanche 26 juillet, 18 h, discussion\u00a0\u2013 <em>Posez vos questions sur le Mile End<\/em><\/li>\n<li><strong>samedi<\/strong> 18 juillet, 14 h, visite \u00e0 pied\u00a0\u2013 <em> Des manufactures aux ateliers d\u2019artiste\u00a0: les m\u00e9tamorphoses de l\u2019est du Mile End<\/em><\/li>\n<li>dimanche 12 juillet, <strong>15 h<\/strong>, visite \u00e0 pied\u00a0\u2013\u00a0<em>Les p\u00f4les fondateurs du Mile End<\/em><\/li>\n<li>dimanche 5 juillet, 14 h, visite \u00e0 pied \u2013 <em>Le paysage ferroviaire du Mile End<\/em><\/li>\n<li>dimanche 28 juin, 14 h, visite \u00e0 pied \u2013 <em>L&#8217;esprit du Mile End<\/em><\/li>\n<li>dimanche 21 juin, 14 h, visite \u00e0 pied \u2013 <em>Les p\u00f4les fondateurs du Mile End<\/em><\/li>\n<\/ul>\n<\/li>\n<li>dimanche 7 juin, 11 h, <a title=\"Visite historique et litt\u00e9raire du Mile End\" href=\"http:\/\/memoire.mile-end.qc.ca\/?p=3288&amp;lang=fr\"><em>Promenade historique et litt\u00e9raire<\/em><\/a> (reprise)<\/li>\n<li>samedi 23 mai, dans le cadre de <a href=\"http:\/\/www.ruepublique.org\/mefleur2015.html\">Mile End en fleurs<\/a> : visite \u00e0 pied \u2013 <em>Les abords de la voie ferr\u00e9e<\/em> (avec Les Amis du Champ des Possibles et le Comit\u00e9 des citoyens du Mile End)<\/li>\n<li>samedi 2 mai (en fran\u00e7ais) et dimanche 3 mai (en anglais), dans le cadre des <a href=\"http:\/\/www.ecologieurbaine.net\/fr\/activites-et-projets\/activites\/evenements-et-rencontres-citoyennes\/organisez-une-promenade-de-jane\">Promenades de Jane<\/a> : <em>L&#8217;esprit du Mile End<\/em><\/li>\n<li>samedi 25 avril, 11 h, dans le cadre du festival <a href=\"http:\/\/metropolisbleu.org\/\">M\u00e9tropolis Bleu<\/a> : <a title=\"Visite historique et litt\u00e9raire du Mile End\" href=\"http:\/\/memoire.mile-end.qc.ca\/?p=3288&amp;lang=fr\"><em>Promenade historique et litt\u00e9raire<\/em><\/a><\/li>\n<li>S\u00e9rie hiver-printemps \u00e0 la Biblioth\u00e8que du Mile End\n<ul>\n<li>dimanche 12 avril, 14 h, table ronde :\u00a0<a title=\"Table ronde : Le Champ des Possibles\" href=\"http:\/\/memoire.mile-end.qc.ca\/?p=3284&amp;lang=fr\"><em>Le Champ des Possibles<\/em><br \/>\n<em>Une exp\u00e9rience in\u00e9dite de gestion citoyenne d\u2019un ancien terrain industriel<\/em><\/a><\/li>\n<li>dimanche 22 mars, 13 h, <a title=\"Une nouvelle \u00e9dition de la \u00abBiblioth\u00e8que vivante du Mile End\u00bb !\" href=\"http:\/\/memoire.mile-end.qc.ca\/?p=3093&amp;lang=fr\"><em>Biblioth\u00e8que vivante<\/em><\/a><\/li>\n<li>dimanche 15 f\u00e9vrier, 14 h, <a title=\"Conf\u00e9rence\u00a0: Les \u00ab\u00a0Pieds-Noirs\u00a0\u00bb des carri\u00e8res\" href=\"http:\/\/memoire.mile-end.qc.ca\/?p=3245&amp;lang=fr\"><em>Les \u00abPieds-noirs\u00bb des carri\u00e8res<\/em><\/a>, par Yves Desjardins<\/li>\n<li>dimanche 25 janvier, 14 h, <a title=\"Conf\u00e9rence\u00a0: L\u2019identit\u00e9 historique du Plateau Mont-Royal\" href=\"http:\/\/memoire.mile-end.qc.ca\/?p=3195&amp;lang=fr\"><em>L&#8217;identit\u00e9 historique du Plateau Mont-Royal<\/em><\/a>, par Jean-Claude Robert<\/li>\n<\/ul>\n<\/li>\n<\/ul>\n<p>Pour les ann\u00e9es pr\u00e9c\u00e9dentes, voir nos rapports annuels d&#8217;activit\u00e9s (PDF, environ 4 Mo chacun).<\/p>\n<p><a href=\"http:\/\/memoire.mile-end.qc.ca\/wp-content\/uploads\/MME-rapport2014.pdf\">2014<\/a>\u00a0\u2022\u00a0<a href=\"http:\/\/memoire.mile-end.qc.ca\/wp-content\/uploads\/MME-rapport2013.pdf\">2013<\/a> \u2022\u00a0<a href=\"http:\/\/memoire.mile-end.qc.ca\/wp-content\/uploads\/MME-rapport2012.pdf\">2012<\/a><\/p>","protected":false},"excerpt":{"rendered":"<p>Activit\u00e9s organis\u00e9es en 2015 Sauf indication contraire, les visites \u00e0 pied sont offertes \u00e0 la base d&#8217;une contribution volontaire (suggestion : 10\u00a0$) et il n&#8217;est pas n\u00e9cessaire de s&#8217;inscrire \u00e0 l&#8217;avance. Les conf\u00e9rences et discussions sont gratuites. S\u00e9rie d&#8217;automne de conf\u00e9rences \u00e0 la Biblioth\u00e8que Mordecai-Richler, quartier Mile End dimanche 6 d\u00e9cembre, 14 h, La famille [&hellip;]<\/p>\n","protected":false},"author":3,"featured_media":0,"parent":5785,"menu_order":0,"comment_status":"open","ping_status":"closed","template":"","meta":[],"_links":{"self":[{"href":"http:\/\/memoire.mile-end.qc.ca\/fr\/wp-json\/wp\/v2\/pages\/3327"}],"collection":[{"href":"http:\/\/memoire.mile-end.qc.ca\/fr\/wp-json\/wp\/v2\/pages"}],"about":[{"href":"http:\/\/memoire.mile-end.qc.ca\/fr\/wp-json\/wp\/v2\/types\/page"}],"author":[{"embeddable":true,"href":"http:\/\/memoire.mile-end.qc.ca\/fr\/wp-json\/wp\/v2\/users\/3"}],"replies":[{"embeddable":true,"href":"http:\/\/memoire.mile-end.qc.ca\/fr\/wp-json\/wp\/v2\/comments?post=3327"}],"version-history":[{"count":17,"href":"http:\/\/memoire.mile-end.qc.ca\/fr\/wp-json\/wp\/v2\/pages\/3327\/revisions"}],"predecessor-version":[{"id":3405,"href":"http:\/\/memoire.mile-end.qc.ca\/fr\/wp-json\/wp\/v2\/pages\/3327\/revisions\/3405"}],"up":[{"embeddable":true,"href":"http:\/\/memoire.mile-end.qc.ca\/fr\/wp-json\/wp\/v2\/pages\/5785"}],"wp:attachment":[{"href":"http:\/\/memoire.mile-end.qc.ca\/fr\/wp-json\/wp\/v2\/media?parent=3327"}],"curies":[{"name":"wp","href":"https:\/\/api.w.org\/{rel}","templated":true}]}}