{"id":3956,"date":"2016-12-21T10:31:44","date_gmt":"2016-12-21T15:31:44","guid":{"rendered":"http:\/\/memoire.mile-end.qc.ca\/?page_id=3956"},"modified":"2022-01-30T16:48:22","modified_gmt":"2022-01-30T21:48:22","slug":"calendrier-2017","status":"publish","type":"page","link":"http:\/\/memoire.mile-end.qc.ca\/fr\/calendrier-2\/calendrier-2017\/","title":{"rendered":"Calendrier 2017"},"content":{"rendered":"<p><\/p>\n<h2>Activit\u00e9s organis\u00e9es en 2017<\/h2>\n<p>Sauf indication contraire, les visites \u00e0 pied sont offertes \u00e0 la base d\u2019une contribution volontaire (suggestion : 10\u00a0$) et il n\u2019est pas n\u00e9cessaire de s\u2019inscrire \u00e0 l\u2019avance. Les conf\u00e9rences et discussions sont gratuites.<\/p>\n<hr \/>\n<h3>Conf\u00e9rences \u00e0\u00a0la\u00a0<a href=\"http:\/\/ville.montreal.qc.ca\/plateau\/bibliothequedumileend\">Biblioth\u00e8que Mordecai-Richler<\/a>\u00a0\u2013 s\u00e9rie automne<\/h3>\n<p>S\u00e9rie de conf\u00e9rences gratuites, un dimanche par mois \u00e0 14 h<\/p>\n<ul>\n<li>Dimanche <strong>10 septembre<\/strong>\u00a0: <a href=\"http:\/\/memoire.mile-end.qc.ca\/le-viaduc-quel-avenir\/\">Le viaduc Rosemont\u2013Van Horne et la r\u00e9appropriation de l\u2019espace urbain<\/a>.\u00a0Table ronde anim\u00e9e par Nathalie Tremblay<\/li>\n<li>Octobre\u00a0: rel\u00e2che pour <a href=\"http:\/\/viaduc375.mile-end.qc.ca\/\">Viaduc 375<\/a><\/li>\n<li>Dimanche <strong>12 novembre<\/strong>\u00a0: <a href=\"http:\/\/memoire.mile-end.qc.ca\/conference-le-boulevard-saint-laurent-acteur-de-lhistoire-du-mile-end\/\">Le boulevard Saint-Laurent, acteur de l&#8217;histoire du Mile End<\/a>. Conf\u00e9rence d&#8217;Yves Desjardins<\/li>\n<li>Dimanche <strong>3 d\u00e9cembre<\/strong>\u00a0: <a href=\"http:\/\/memoire.mile-end.qc.ca\/gentriville-une-experience-interactive-sur-la-gentrification\/\">Gentriville : un jeu documentaire<\/a> \u2013 Conf\u00e9rence de Marie Sterlin et Emmanuelle Walter<\/li>\n<\/ul>\n<hr \/>\n<h3><a href=\"http:\/\/memoire.mile-end.qc.ca\/25-visites-guidees-pour-decouvrir-lhistoire-du-plateau-mont-royal-du-14-mai-au-29-octobre-2017\/\">Promenades sur le Plateau : histoires et cultures<\/a><br \/>\nVisites \u00e0 pied du Plateau \u2013 375e de Montr\u00e9al<\/h3>\n<p>Chaque\u00a0fin de semaine de mai \u00e0 octobre! En collaboration avec la <a href=\"http:\/\/histoireplateau.org\/\">Soci\u00e9t\u00e9 d&#8217;histoire du Plateau-Mont-Royal<\/a>, M\u00e9moire du Mile End organise une s\u00e9rie de 25 visites \u00e0 pied dans tous les secteurs du Plateau (y compris plusieurs dans le Mile End). Voir <a href=\"http:\/\/memoire.mile-end.qc.ca\/25-visites-guidees-pour-decouvrir-lhistoire-du-plateau-mont-royal-du-14-mai-au-29-octobre-2017\/\">cette page<\/a> pour la programmation. Activit\u00e9s gratuites avec r\u00e9servation obligatoire. Avec la participation de <a href=\"http:\/\/montrealexplorations.org\/\">Montr\u00e9al Explorations<\/a> et des <a href=\"http:\/\/amisboulevardstlaurent.com\/\">Amis du boulevard Saint-Laurent<\/a>.<\/p>\n<table style=\"width: 730px;\">\n<tbody>\n<tr>\n<td><img loading=\"lazy\" class=\"aligncenter wp-image-3413 \" src=\"http:\/\/memoire.mile-end.qc.ca\/wp-content\/uploads\/SHP.png\" width=\"120\" height=\"120\" srcset=\"http:\/\/memoire.mile-end.qc.ca\/wp-content\/uploads\/SHP.png 210w, http:\/\/memoire.mile-end.qc.ca\/wp-content\/uploads\/SHP-150x150.png 150w\" sizes=\"(max-width: 120px) 100vw, 120px\" \/><\/td>\n<td><img loading=\"lazy\" class=\"aligncenter wp-image-3963\" src=\"http:\/\/memoire.mile-end.qc.ca\/wp-content\/uploads\/375-logo-fr.png\" alt=\"375-logo-fr\" width=\"160\" height=\"120\" \/><\/td>\n<td><img loading=\"lazy\" class=\"aligncenter size-full wp-image-2179\" src=\"http:\/\/memoire.mile-end.qc.ca\/wp-content\/uploads\/logoplateau.png\" alt=\"logoplateau\" width=\"198\" height=\"62\" \/><\/td>\n<\/tr>\n<\/tbody>\n<\/table>\n<hr \/>\n<h3><a href=\"http:\/\/memoire.mile-end.qc.ca\/viaduc-375-promenade-pietonne-sur-le-viaduc-van-horne-du-3-au-8-octobre-2017\/\">Viaduc 375<\/a><\/h3>\n<p>Le viaduc Rosemont\u2013Van Horne deviendra le th\u00e9\u00e2tre d&#8217;un \u00e9v\u00e9nement exceptionnel en octobre 2017, pendant quelques jours avant\u00a0l&#8217;Action de Gr\u00e2ce. M\u00e9moire du Mile End, <a href=\"https:\/\/amisduchamp.com\/\">Les Amis du Champ des Possibles<\/a>, la <a href=\"http:\/\/www.soder.qc.ca\">SODER<\/a>, <a href=\"http:\/\/www.mappmtl.com\">MAPP_MTL<\/a> et une foule de collaborateurs mettront le viaduc et ses environs en lumi\u00e8re et en d\u00e9couvertes.<\/p>\n<ul>\n<li>Le viaduc transform\u00e9 en espace convivial pour les pi\u00e9tons<\/li>\n<li>\u00c9v\u00e9nements\u00a0:\u00a0\u00ab\u00c0 l&#8217;aube des restes industriels\u00bb de Laurence Grandbois Bernard; Champ des Possibles; foire artisanale aux Ateliers Capitol<\/li>\n<li>Des visites \u00e0 pied du paysage ferroviaire en transformation<\/li>\n<\/ul>\n<table style=\"width: 730px;\">\n<tbody>\n<tr>\n<td><img loading=\"lazy\" class=\"aligncenter size-thumbnail wp-image-3965\" src=\"http:\/\/memoire.mile-end.qc.ca\/wp-content\/uploads\/viaduc375-150x150.png\" alt=\"viaduc375\" width=\"150\" height=\"150\" \/><\/td>\n<td><img loading=\"lazy\" class=\"aligncenter wp-image-3963\" src=\"http:\/\/memoire.mile-end.qc.ca\/wp-content\/uploads\/375-logo-fr.png\" alt=\"375-logo-fr\" width=\"160\" height=\"120\" \/><\/td>\n<td><img loading=\"lazy\" class=\"aligncenter size-full wp-image-2179\" src=\"http:\/\/memoire.mile-end.qc.ca\/wp-content\/uploads\/logoplateau.png\" alt=\"logoplateau\" width=\"198\" height=\"62\" \/><\/td>\n<\/tr>\n<\/tbody>\n<\/table>\n<p>&nbsp;<\/p>\n<hr \/>\n<h3>Conf\u00e9rences \u00e0\u00a0la\u00a0<a href=\"http:\/\/ville.montreal.qc.ca\/plateau\/bibliothequedumileend\">Biblioth\u00e8que Mordecai-Richler<\/a>\u00a0\u2013 s\u00e9rie hiver-printemps<\/h3>\n<p>S\u00e9rie de conf\u00e9rences gratuites, un dimanche par mois \u00e0 14 h<\/p>\n<ul>\n<li>Dimanche <strong>29 janvier<\/strong>\u00a0: Les <a href=\"http:\/\/memoire.mile-end.qc.ca\/conference-les-pionnieres-de-la-greve\/\"><strong>pionni\u00e8res de la gr\u00e8ve<\/strong><\/a> dans l\u2019industrie du v\u00eatement\u00a0: le r\u00f4le des femmes dans le mouvement syndical.\u00a0Pr\u00e9sent\u00e9e par Melanie Leavitt<\/li>\n<li>Dimanche <strong>5 f\u00e9vrier<\/strong>\u00a0: Table ronde \u2013 <a href=\"http:\/\/memoire.mile-end.qc.ca\/table-ronde-de-mile-ex-a-marconi-alexandra\/\"><strong>De Mile-Ex \u00e0\u00a0Marconi-Alexandra<\/strong><\/a>\u00a0: les enjeux d\u2019un quartier en mutation<\/li>\n<li>Dimanche <strong>26 mars<\/strong>\u00a0:\u00a0Une trag\u00e9die oubli\u00e9e de l\u2019histoire du Mile End : l\u2019<a href=\"http:\/\/memoire.mile-end.qc.ca\/conference-une-tragedie-oubliee-lincendie-de-1973-avenue-du-parc\/\"><strong>incendie du 8 avril 1973<\/strong><\/a> sur l\u2019avenue du Parc. Pr\u00e9sent\u00e9e par Yves Desjardins<\/li>\n<li>Dimanche <strong>30 avril<\/strong>\u00a0: Table ronde sur les <a href=\"http:\/\/memoire.mile-end.qc.ca\/table-ronde-identites-juives-contemporaines-du-mile-end\/\"><strong>identit\u00e9s juives<\/strong> dans le Mile End<\/a> : les influences de quatre si\u00e8cles d\u2019histoire<\/li>\n<\/ul>\n<hr \/>\n<h3><a href=\"https:\/\/www.150conversationsenmarche.com\">Promenades de Jane<\/a><\/h3>\n<ul>\n<li><a href=\"http:\/\/memoire.mile-end.qc.ca\/fr\/promenade-de-jane-les-multiples-visages-de-lavenue-du-parc\/\">Les multiples visages de l&#8217;avenue du Parc<\/a>, dimanche 7 mai (en fran\u00e7ais)<\/li>\n<li><a href=\"http:\/\/memoire.mile-end.qc.ca\/en\/promenade-de-jane-les-multiples-visages-de-lavenue-du-parc\/\">Park Avenue&#8217;s Many Faces<\/a>, samedi 6 mai (en anglais)<\/li>\n<\/ul>\n<hr \/>\n<p>Vous vouliez savoir ce qu&#8217;on a fait auparavant\u00a0? <a href=\"http:\/\/memoire.mile-end.qc.ca\/calendrier-2016\/\">calendrier 2016<\/a>\u00a0\u2013\u00a0<a href=\"http:\/\/memoire.mile-end.qc.ca\/calendrier-2015\/\">calendrier 2015<\/a><\/p>\n<p>Pour les ann\u00e9es pr\u00e9c\u00e9dentes, voir nos rapports annuels d\u2019activit\u00e9s (PDF, environ 4 Mo chacun).<\/p>\n<p><a href=\"http:\/\/memoire.mile-end.qc.ca\/wp-content\/uploads\/MME-rapport2014.pdf\">2014<\/a>\u00a0\u2022\u00a0<a href=\"http:\/\/memoire.mile-end.qc.ca\/wp-content\/uploads\/MME-rapport2013.pdf\">2013<\/a>\u00a0\u2022\u00a0<a href=\"http:\/\/memoire.mile-end.qc.ca\/wp-content\/uploads\/MME-rapport2012.pdf\">2012<\/a><\/p>","protected":false},"excerpt":{"rendered":"<p>Activit\u00e9s organis\u00e9es en 2017 Sauf indication contraire, les visites \u00e0 pied sont offertes \u00e0 la base d\u2019une contribution volontaire (suggestion : 10\u00a0$) et il n\u2019est pas n\u00e9cessaire de s\u2019inscrire \u00e0 l\u2019avance. Les conf\u00e9rences et discussions sont gratuites. Conf\u00e9rences \u00e0\u00a0la\u00a0Biblioth\u00e8que Mordecai-Richler\u00a0\u2013 s\u00e9rie automne S\u00e9rie de conf\u00e9rences gratuites, un dimanche par mois \u00e0 14 h Dimanche 10 [&hellip;]<\/p>\n","protected":false},"author":3,"featured_media":0,"parent":5785,"menu_order":0,"comment_status":"closed","ping_status":"closed","template":"","meta":[],"_links":{"self":[{"href":"http:\/\/memoire.mile-end.qc.ca\/fr\/wp-json\/wp\/v2\/pages\/3956"}],"collection":[{"href":"http:\/\/memoire.mile-end.qc.ca\/fr\/wp-json\/wp\/v2\/pages"}],"about":[{"href":"http:\/\/memoire.mile-end.qc.ca\/fr\/wp-json\/wp\/v2\/types\/page"}],"author":[{"embeddable":true,"href":"http:\/\/memoire.mile-end.qc.ca\/fr\/wp-json\/wp\/v2\/users\/3"}],"replies":[{"embeddable":true,"href":"http:\/\/memoire.mile-end.qc.ca\/fr\/wp-json\/wp\/v2\/comments?post=3956"}],"version-history":[{"count":23,"href":"http:\/\/memoire.mile-end.qc.ca\/fr\/wp-json\/wp\/v2\/pages\/3956\/revisions"}],"predecessor-version":[{"id":4315,"href":"http:\/\/memoire.mile-end.qc.ca\/fr\/wp-json\/wp\/v2\/pages\/3956\/revisions\/4315"}],"up":[{"embeddable":true,"href":"http:\/\/memoire.mile-end.qc.ca\/fr\/wp-json\/wp\/v2\/pages\/5785"}],"wp:attachment":[{"href":"http:\/\/memoire.mile-end.qc.ca\/fr\/wp-json\/wp\/v2\/media?parent=3956"}],"curies":[{"name":"wp","href":"https:\/\/api.w.org\/{rel}","templated":true}]}}