{"id":4879,"date":"2019-01-28T10:17:36","date_gmt":"2019-01-28T15:17:36","guid":{"rendered":"https:\/\/memoire.mile-end.qc.ca\/?page_id=4879"},"modified":"2024-06-01T15:04:40","modified_gmt":"2024-06-01T19:04:40","slug":"calendrier-2019","status":"publish","type":"page","link":"http:\/\/memoire.mile-end.qc.ca\/fr\/calendrier-2\/calendrier-2019\/","title":{"rendered":"Calendrier 2019"},"content":{"rendered":"<p><\/p>\n<h2>Activit\u00e9s \u00e0 venir en 2019<\/h2>\n<p><em>Attention<\/em>\u00a0: le calendrier est publi\u00e9 sous r\u00e9serve de changements. En g\u00e9n\u00e9ral, les activit\u00e9s seront confirm\u00e9es par un article sur ce site web, dans un bulletin envoy\u00e9 par courriel (<!--<a href=\"http:\/\/eepurl.com\/gxA8Dz\">-->cliquez ici<!--<\/a>-->\u00a0pour vous abonner), et sur\u00a0<a href=\"https:\/\/www.facebook.com\/memoire.mile.end\">Facebook<\/a>.<\/p>\n<hr \/>\n<h3>Conf\u00e9rences \u00e0 la\u00a0<a href=\"http:\/\/ville.montreal.qc.ca\/plateau\/bibliothequedumileend\">biblioth\u00e8que Mordecai-Richler<\/a> du Mile End\u00a0\u2013\u00a0s\u00e9rie d&#8217;automne<\/h3>\n<p>S\u00e9rie de conf\u00e9rences gratuites, un dimanche par mois \u00e0 14 h<\/p>\n<ul>\n<li>dimanche <strong>6 octobre<\/strong>, <a href=\"http:\/\/memoire.mile-end.qc.ca\/conference-les-archives-familiales\/\">La conservation des documents familiaux<\/a>, par <a href=\"http:\/\/www.archivespassememoire.org\">Archives Passe-M\u00e9moire<\/a><\/li>\n<li>dimanche <strong>3 novembre<\/strong>, <a href=\"http:\/\/memoire.mile-end.qc.ca\/conference-les-paysages-du-mile-end\/\">Les paysages du Mile End<\/a>, par Nicole Valois, professeur en architecture de paysage, Universit\u00e9 de Montr\u00e9al<\/li>\n<li>dimanche <strong>1er d\u00e9cembre<\/strong>, <a href=\"http:\/\/memoire.mile-end.qc.ca\/conference-queer-mile-end\/\">Le Mile End <em>queer<\/em><\/a>, par Julie Podmore<\/li>\n<\/ul>\n<hr \/>\n<h2>Activit\u00e9s pass\u00e9es en 2019<\/h2>\n<h3>Conf\u00e9rences \u00e0\u00a0la biblioth\u00e8que\u00a0\u2013 s\u00e9rie hiver\u2013printemps<\/h3>\n<p>Note: \u00e0 cause des travaux de r\u00e9novation \u00e0 la biblioth\u00e8que Mordecai-Richler du Mile End, certaines conf\u00e9rences auront lieu \u00e0 la biblioth\u00e8que du Plateau-Mont-Royal, 465 av. du Mont-Royal Est, en face de la station de m\u00e9tro Mont-Royal.<\/p>\n<p>S\u00e9rie de conf\u00e9rences gratuites, un dimanche par mois \u00e0 14 h<\/p>\n<ul>\n<li>Dimanche <strong>27 janvier<\/strong>, <a href=\"http:\/\/ville.montreal.qc.ca\/plateau\/bibliothequedumileend\">biblioth\u00e8que Mordecai-Richler<\/a>\u00a0: <b><a href=\"http:\/\/memoire.mile-end.qc.ca\/conference-levolution-des-commerces-du-mile-end\/\">L&#8217;\u00e9volution des commerces du Mile End<\/a>.<\/b> Conf\u00e9rence de Justin Bur<\/li>\n<li>Jeudi\u00a0<strong>21 f\u00e9vrier<\/strong>, <a href=\"http:\/\/ville.montreal.qc.ca\/plateau\/bibliothequeduplateaumontroyal\">biblioth\u00e8que du Plateau-Mont-Royal<\/a>\u00a0: <strong>La famille Lionais, trois g\u00e9n\u00e9rations de promoteurs immobiliers<\/strong>. Conf\u00e9rence de Justin Bur et Am\u00e9lie Roy-Bergeron, pour la <a href=\"http:\/\/histoireplateau.org\">Soci\u00e9t\u00e9 d&#8217;histoire du Plateau-Mont-Royal<\/a><\/li>\n<li><del datetime=\"2019-02-23T16:31:43+00:00\">Dimanche <strong>10 mars<\/strong>, <a href=\"http:\/\/ville.montreal.qc.ca\/plateau\/bibliothequeduplateaumontroyal\">biblioth\u00e8que du Plateau-Mont-Royal<\/a>\u00a0: <strong>\u00c0 la recherche des femmes dans l&#8217;histoire du Mile End et du Plateau<\/strong>. Table ronde pr\u00e9sent\u00e9e par M\u00e9lanie Leavitt\u00a0de M\u00e9moire du Mile End avec des invit\u00e9es<\/del> [annul\u00e9]<\/li>\n<li>Mercredi <strong>17 avril, 19 h 30<\/strong>, 5442 6e Avenue (Rosemont)\u00a0: <strong>Les Pieds-Noirs des carri\u00e8res du Coteau Saint-Louis<\/strong>. Conf\u00e9rence d&#8217;Yves Desjardins, pour la\u00a0<a href=\"http:\/\/histoirerpp.org\">Soci\u00e9t\u00e9 d&#8217;histoire Rosemont\u2013Petite-Patrie<\/a><\/li>\n<\/ul>\n<hr \/>\n<h3><a href=\"http:\/\/memoire.mile-end.qc.ca\/visites-a-pied-2019\/\">Visites \u00e0 pied 2019<\/a><\/h3>\n<p>M\u00e9moire du Mile End offre cette ann\u00e9e huit visites \u00e0 pied dans le quartier, certains dimanches (ou samedis) apr\u00e8s-midi \u00e0 14h, entre le 16 juin et le 13 octobre.<\/p>\n<ul>\n<li>dimanche <strong>16 juin \u2013 L&#8217;avenue du Parc<\/strong> \u2013 fran\u00e7ais et anglais<\/li>\n<li>dimanche <strong>7 juillet \u2013 Le patrimoine religieux du Mile End<\/strong> \u2013 fran\u00e7ais et anglais<\/li>\n<li>dimanche <strong>21 juillet \u2013 Le secteur Saint-Viateur Est<\/strong>\u00a0\u2013 fran\u00e7ais<\/li>\n<li>dimanche <strong>28 juillet \u2013 Trac\u00e9s fondateurs 1<\/strong>: Le (vrai) chemin des carri\u00e8res \u2013 fran\u00e7ais<\/li>\n<li>dimanche <strong>11 ao\u00fbt \u2013 Trac\u00e9s fondateurs 2<\/strong>: La <i>Main<\/i>, de Montr\u00e9al \u00e0 Mile End* \u2013 fran\u00e7ais<\/li>\n<li>dimanche <strong>25 ao\u00fbt \u2013 Trac\u00e9s fondateurs 3<\/strong>: L\u2019avenue du Mont-Royal \u2013 fran\u00e7ais<\/li>\n<li>samedi <strong>28 septembre \u2013 Visite litt\u00e9raire et historique du Mile End<\/strong> \u2013 fran\u00e7ais et anglais, dans le cadre des Journ\u00e9es de la culture<\/li>\n<li>dimanche <strong>13 octobre \u2013 <a href=\"http:\/\/memoire.mile-end.qc.ca\/visite-le-mile-end-juif-contemporain\/\">Le Mile End juif contemporain<\/a><\/strong> \u2013 fran\u00e7ais et anglais<\/li>\n<\/ul>\n<p>*D&#8217;autres visites du boulevard Saint-Laurent sont offertes par <a href=\"http:\/\/amisboulevardstlaurent.com\/2019\/05\/marcher-l\u2019histoire-de-la-main-decouvrir-le-boulevard-saint-laurent-en-trois-circuits\/\">Les Amis du boulevard Saint-Laurent<\/a><\/p>\n<hr \/>\n<p>Vous vouliez savoir ce qu&#8217;on a fait auparavant\u00a0? <a href=\"\/calendrier-2018\/\">calendrier 2018<\/a> \u2013\u00a0<a href=\"\/calendrier-2017\/\">calendrier 2017<\/a> \u2013\u00a0<a href=\"\/calendrier-2016\/\">calendrier 2016<\/a>\u00a0\u2013\u00a0<a href=\"\/calendrier-2015\/\">calendrier 2015<\/a><\/p>\n<p>Pour les ann\u00e9es pr\u00e9c\u00e9dentes, voir nos rapports annuels d\u2019activit\u00e9s (PDF, environ 4 Mo chacun).<\/p>\n<p><a href=\"\/wp-content\/uploads\/MME-rapport2014.pdf\">2014<\/a>\u00a0\u2022\u00a0<a href=\"\/wp-content\/uploads\/MME-rapport2013.pdf\">2013<\/a>\u00a0\u2022\u00a0<a href=\"\/wp-content\/uploads\/MME-rapport2012.pdf\">2012<\/a><\/p>","protected":false},"excerpt":{"rendered":"<p>Activit\u00e9s \u00e0 venir en 2019 Attention\u00a0: le calendrier est publi\u00e9 sous r\u00e9serve de changements. En g\u00e9n\u00e9ral, les activit\u00e9s seront confirm\u00e9es par un article sur ce site web, dans un bulletin envoy\u00e9 par courriel (cliquez ici\u00a0pour vous abonner), et sur\u00a0Facebook. Conf\u00e9rences \u00e0 la\u00a0biblioth\u00e8que Mordecai-Richler du Mile End\u00a0\u2013\u00a0s\u00e9rie d&#8217;automne S\u00e9rie de conf\u00e9rences gratuites, un dimanche par mois [&hellip;]<\/p>\n","protected":false},"author":3,"featured_media":0,"parent":5785,"menu_order":0,"comment_status":"closed","ping_status":"closed","template":"","meta":[],"_links":{"self":[{"href":"http:\/\/memoire.mile-end.qc.ca\/fr\/wp-json\/wp\/v2\/pages\/4879"}],"collection":[{"href":"http:\/\/memoire.mile-end.qc.ca\/fr\/wp-json\/wp\/v2\/pages"}],"about":[{"href":"http:\/\/memoire.mile-end.qc.ca\/fr\/wp-json\/wp\/v2\/types\/page"}],"author":[{"embeddable":true,"href":"http:\/\/memoire.mile-end.qc.ca\/fr\/wp-json\/wp\/v2\/users\/3"}],"replies":[{"embeddable":true,"href":"http:\/\/memoire.mile-end.qc.ca\/fr\/wp-json\/wp\/v2\/comments?post=4879"}],"version-history":[{"count":22,"href":"http:\/\/memoire.mile-end.qc.ca\/fr\/wp-json\/wp\/v2\/pages\/4879\/revisions"}],"predecessor-version":[{"id":6439,"href":"http:\/\/memoire.mile-end.qc.ca\/fr\/wp-json\/wp\/v2\/pages\/4879\/revisions\/6439"}],"up":[{"embeddable":true,"href":"http:\/\/memoire.mile-end.qc.ca\/fr\/wp-json\/wp\/v2\/pages\/5785"}],"wp:attachment":[{"href":"http:\/\/memoire.mile-end.qc.ca\/fr\/wp-json\/wp\/v2\/media?parent=4879"}],"curies":[{"name":"wp","href":"https:\/\/api.w.org\/{rel}","templated":true}]}}