{"id":5211,"date":"2020-02-22T10:17:22","date_gmt":"2020-02-22T15:17:22","guid":{"rendered":"http:\/\/memoire.mile-end.qc.ca\/?page_id=5211"},"modified":"2024-06-01T15:04:05","modified_gmt":"2024-06-01T19:04:05","slug":"calendrier-2020","status":"publish","type":"page","link":"http:\/\/memoire.mile-end.qc.ca\/fr\/calendrier-2\/calendrier-2020\/","title":{"rendered":"Calendrier 2020"},"content":{"rendered":"<p><\/p>\n<h2>Activit\u00e9s \u00e0 venir en 2020<\/h2>\n<p><em>Attention<\/em>\u00a0: le calendrier est publi\u00e9 sous r\u00e9serve de changements. En g\u00e9n\u00e9ral, les activit\u00e9s seront confirm\u00e9es par un article sur ce site web, dans un bulletin envoy\u00e9 par courriel (<!--<a href=\"http:\/\/eepurl.com\/gxA8Dz\">-->cliquez ici<!--<\/a>-->\u00a0pour vous abonner), et sur\u00a0<a href=\"https:\/\/www.facebook.com\/memoire.mile.end\">Facebook<\/a>.<\/p>\n<hr \/>\n<h3>Conf\u00e9rences \u00e0 la\u00a0<a href=\"http:\/\/ville.montreal.qc.ca\/plateau\/bibliothequedumileend\">biblioth\u00e8que Mordecai-Richler<\/a> du Mile End\u00a0\u2013\u00a0s\u00e9rie\u00a0hiver\u2013printemps<\/h3>\n<p>S\u00e9rie de conf\u00e9rences gratuites, un dimanche par mois \u00e0 14 h<\/p>\n<ul>\n<li>Dimanche le 23 f\u00e9vrier, 14 h :\u00a0<strong>Histoires de l\u2019immigration grecque<\/strong>. Le Mile End fut, du d\u00e9but des ann\u00e9es 1950 jusqu\u2019aux ann\u00e9es 1970, l\u2019un des principaux quartiers d\u2019accueil de la communaut\u00e9 grecque montr\u00e9alaise. Le projet Immigrec a recueilli les m\u00e9moires de ceux et celles qui s\u2019y install\u00e8rent \u00e0 la recherche d\u2019une vie nouvelle. Ce projet a donn\u00e9 naissance au Mus\u00e9e virtuel de l\u2019immigration grecque au Canada, que nous serons heureux de vous pr\u00e9senter au cours de cette conf\u00e9rence.<br \/>\nImmigrec a \u00e9t\u00e9 cr\u00e9\u00e9 par un consortium form\u00e9 par des chercheurs de quatre universit\u00e9s (McGill, Simon Fraser, York et Patras en Gr\u00e8ce). Il a recueilli des centaines de t\u00e9moignages de Grecs ayant immigr\u00e9 au Canada entre 1945 et 1975. \u00c9v\u00e9nement FB:\u00a0<a href=\"https:\/\/www.facebook.com\/events\/3875174082508329\/\">https:\/\/www.facebook.com\/events\/3875174082508329\/<\/a><\/li>\n<li><del>Dimanche le 8 mars, 14 h :\u00a0<strong>Le 8 mars, les femmes et le Mile End<\/strong>.<\/del>\u00a0 Cette activit\u00e9 est annul\u00e9e pour des raisons ind\u00e9pendantes de notre volont\u00e9.<\/li>\n<li><del>Dimanche le 19 avril, 14 h :\u00a0<strong>Le Mile End d\u2019hier \u00e0 aujourd\u2019hui.\u00a0<\/strong>Le Mile End est un quartier qui ne cesse de se transformer. On perd souvent trop rapidement la m\u00e9moire des commerces et des lieux qui ont contribu\u00e9 \u00e0 son identit\u00e9. Nous vous proposons, gr\u00e2ce \u00e0 une projection de nombreuses photos d\u2019\u00e9poque du quartier, de d\u00e9couvrir les traces laiss\u00e9es par ces lieux de m\u00e9moire. \u00c9v\u00e9nement FB:\u00a0<a href=\"https:\/\/www.facebook.com\/events\/592985014580260\/\">https:\/\/www.facebook.com\/events\/592985014580260\/<\/a><\/del>  Cette activit\u00e9 est annul\u00e9e suite \u00e0 la fermeture des biblioth\u00e8ques due \u00e0 la pand\u00e9mie Covid-19.<\/li>\n<\/ul>\n<hr \/>\n<p>Vous vouliez savoir ce qu&#8217;on a fait auparavant\u00a0? <a href=\"http:\/\/memoire.mile-end.qc.ca\/calendrier-2019\/\">calendrier 2019<\/a> \u2013\u00a0<a href=\"\/calendrier-2018\/\">calendrier 2018<\/a> \u2013\u00a0<a href=\"\/calendrier-2017\/\">calendrier 2017<\/a> \u2013\u00a0<a href=\"\/calendrier-2016\/\">calendrier 2016<\/a>\u00a0\u2013\u00a0<a href=\"\/calendrier-2015\/\">calendrier 2015<\/a><\/p>\n<p>Pour les ann\u00e9es pr\u00e9c\u00e9dentes, voir nos rapports annuels d\u2019activit\u00e9s (PDF, environ 4 Mo chacun).<\/p>\n<p><a href=\"\/wp-content\/uploads\/MME-rapport2014.pdf\">2014<\/a>\u00a0\u2022\u00a0<a href=\"\/wp-content\/uploads\/MME-rapport2013.pdf\">2013<\/a>\u00a0\u2022\u00a0<a href=\"\/wp-content\/uploads\/MME-rapport2012.pdf\">2012<\/a><\/p>","protected":false},"excerpt":{"rendered":"<p>Activit\u00e9s \u00e0 venir en 2020 Attention\u00a0: le calendrier est publi\u00e9 sous r\u00e9serve de changements. En g\u00e9n\u00e9ral, les activit\u00e9s seront confirm\u00e9es par un article sur ce site web, dans un bulletin envoy\u00e9 par courriel (cliquez ici\u00a0pour vous abonner), et sur\u00a0Facebook. Conf\u00e9rences \u00e0 la\u00a0biblioth\u00e8que Mordecai-Richler du Mile End\u00a0\u2013\u00a0s\u00e9rie\u00a0hiver\u2013printemps S\u00e9rie de conf\u00e9rences gratuites, un dimanche par mois \u00e0 [&hellip;]<\/p>\n","protected":false},"author":3,"featured_media":0,"parent":5785,"menu_order":0,"comment_status":"closed","ping_status":"closed","template":"","meta":[],"_links":{"self":[{"href":"http:\/\/memoire.mile-end.qc.ca\/fr\/wp-json\/wp\/v2\/pages\/5211"}],"collection":[{"href":"http:\/\/memoire.mile-end.qc.ca\/fr\/wp-json\/wp\/v2\/pages"}],"about":[{"href":"http:\/\/memoire.mile-end.qc.ca\/fr\/wp-json\/wp\/v2\/types\/page"}],"author":[{"embeddable":true,"href":"http:\/\/memoire.mile-end.qc.ca\/fr\/wp-json\/wp\/v2\/users\/3"}],"replies":[{"embeddable":true,"href":"http:\/\/memoire.mile-end.qc.ca\/fr\/wp-json\/wp\/v2\/comments?post=5211"}],"version-history":[{"count":7,"href":"http:\/\/memoire.mile-end.qc.ca\/fr\/wp-json\/wp\/v2\/pages\/5211\/revisions"}],"predecessor-version":[{"id":6438,"href":"http:\/\/memoire.mile-end.qc.ca\/fr\/wp-json\/wp\/v2\/pages\/5211\/revisions\/6438"}],"up":[{"embeddable":true,"href":"http:\/\/memoire.mile-end.qc.ca\/fr\/wp-json\/wp\/v2\/pages\/5785"}],"wp:attachment":[{"href":"http:\/\/memoire.mile-end.qc.ca\/fr\/wp-json\/wp\/v2\/media?parent=5211"}],"curies":[{"name":"wp","href":"https:\/\/api.w.org\/{rel}","templated":true}]}}